{"id":1946,"date":"2021-09-03T10:34:20","date_gmt":"2021-09-03T07:34:20","guid":{"rendered":"https:\/\/test.ihmo.fi\/?page_id=1946"},"modified":"2022-02-10T12:03:04","modified_gmt":"2022-02-10T10:03:04","slug":"kuoro","status":"publish","type":"page","link":"https:\/\/test.ihmo.fi\/?page_id=1946","title":{"rendered":"Kuoro"},"content":{"rendered":"\t\t<div data-elementor-type=\"wp-page\" data-elementor-id=\"1946\" class=\"elementor elementor-1946\">\n\t\t\t\t\t\t<section class=\"elementor-section elementor-top-section elementor-element elementor-element-4704581 elementor-section-boxed elementor-section-height-default elementor-section-height-default\" data-id=\"4704581\" data-element_type=\"section\">\n\t\t\t\t\t\t<div class=\"elementor-container elementor-column-gap-default\">\n\t\t\t\t\t<div class=\"elementor-column elementor-col-100 elementor-top-column elementor-element elementor-element-c89118e\" data-id=\"c89118e\" data-element_type=\"column\">\n\t\t\t<div class=\"elementor-widget-wrap elementor-element-populated\">\n\t\t\t\t\t\t<div class=\"elementor-element elementor-element-02321c0 elementor-widget elementor-widget-heading\" data-id=\"02321c0\" data-element_type=\"widget\" data-widget_type=\"heading.default\">\n\t\t\t\t<div class=\"elementor-widget-container\">\n\t\t\t\t\t<h2 class=\"elementor-heading-title elementor-size-default\">Kuoro<\/h2>\t\t\t\t<\/div>\n\t\t\t\t<\/div>\n\t\t\t\t\t<\/div>\n\t\t<\/div>\n\t\t\t\t\t<\/div>\n\t\t<\/section>\n\t\t\t\t<section class=\"elementor-section elementor-top-section elementor-element elementor-element-4cd70cd elementor-section-boxed elementor-section-height-default elementor-section-height-default\" data-id=\"4cd70cd\" data-element_type=\"section\">\n\t\t\t\t\t\t<div class=\"elementor-container elementor-column-gap-default\">\n\t\t\t\t\t<div class=\"elementor-column elementor-col-100 elementor-top-column elementor-element elementor-element-29bcf43\" data-id=\"29bcf43\" data-element_type=\"column\">\n\t\t\t<div class=\"elementor-widget-wrap elementor-element-populated\">\n\t\t\t\t\t\t<div class=\"elementor-element elementor-element-68c8f7e elementor-widget elementor-widget-text-editor\" data-id=\"68c8f7e\" data-element_type=\"widget\" data-widget_type=\"text-editor.default\">\n\t\t\t\t<div class=\"elementor-widget-container\">\n\t\t\t\t\t\t\t\t\t<p><span data-contrast=\"none\">SONETTI-kuoro\u00a0on tarkoitettu kaikille lauluhaluisille tyt\u00f6ille ja pojille 6-vuotiaista alkaen. Laulamisen ja \u00e4\u00e4nileikkien lis\u00e4ksi kuorossa harjoitellaan ilmaisua ja musiikkiin el\u00e4ytymist\u00e4 monipuolisilla ty\u00f6tavoilla mm. liikkeen ja rytmiikan keinoin.<\/span><span data-ccp-props=\"{&quot;201341983&quot;:0,&quot;335559739&quot;:160,&quot;335559740&quot;:240}\">\u00a0<\/span><\/p><p><span data-contrast=\"none\">Kuoron tavoitteita:<\/span><span data-ccp-props=\"{&quot;201341983&quot;:0,&quot;335559739&quot;:160,&quot;335559740&quot;:240}\">\u00a0<\/span><\/p><ul><li data-leveltext=\"-\" data-font=\"Calibri\" data-listid=\"2\" aria-setsize=\"-1\" data-aria-posinset=\"1\" data-aria-level=\"1\"><span data-contrast=\"none\">Kaveri- ja ryhm\u00e4taitojen kehitt\u00e4minen<\/span><span data-ccp-props=\"{&quot;134233279&quot;:true,&quot;201341983&quot;:0,&quot;335559739&quot;:160,&quot;335559740&quot;:240}\">\u00a0<\/span><\/li><li data-leveltext=\"-\" data-font=\"Calibri\" data-listid=\"2\" aria-setsize=\"-1\" data-aria-posinset=\"2\" data-aria-level=\"1\"><span data-contrast=\"none\">Musiikillisen itseilmaisun tukeminen:<\/span><span data-ccp-props=\"{&quot;134233279&quot;:true,&quot;201341983&quot;:0,&quot;335559739&quot;:160,&quot;335559740&quot;:240}\">\u00a0<\/span><\/li><\/ul><p><span data-contrast=\"none\">&#8211; monipuoliseen \u00e4\u00e4nenk\u00e4ytt\u00f6\u00f6n rohkaiseminen ja laulu-ilmaisun tukeminen<\/span><span data-ccp-props=\"{&quot;201341983&quot;:0,&quot;335559685&quot;:720,&quot;335559739&quot;:160,&quot;335559740&quot;:240}\">\u00a0<\/span><\/p><p><span data-contrast=\"none\">&#8211; kehotietoisuuden kasvattaminen ja kehollisen itseilmaisun vahvistaminen<\/span><span data-ccp-props=\"{&quot;201341983&quot;:0,&quot;335559685&quot;:720,&quot;335559739&quot;:160,&quot;335559740&quot;:240}\">\u00a0<\/span><\/p><p><span data-contrast=\"none\">Kuoro harjoittelee torstaisin Iiris-keskuksen tiloissa It\u00e4keskuksessa:<\/span><span data-ccp-props=\"{&quot;201341983&quot;:0,&quot;335559739&quot;:160,&quot;335559740&quot;:240}\">\u00a0<\/span><\/p><p><span data-contrast=\"none\">klo 16.00 &#8211;\u00a017.00\u00a0 yli\u00a09 -v.<\/span><span data-ccp-props=\"{&quot;201341983&quot;:0,&quot;335559739&quot;:160,&quot;335559740&quot;:240}\">\u00a0<\/span><\/p><p><span data-contrast=\"none\">klo 17.05 &#8211;\u00a018.05\u00a0 n.\u00a06 &#8211; 9-v.\u00a0\u00a0<\/span><span data-ccp-props=\"{&quot;201341983&quot;:0,&quot;335559739&quot;:160,&quot;335559740&quot;:240}\">\u00a0<\/span><\/p><p><span data-contrast=\"none\">klo 18.10 &#8211;\u00a019.10\u00a0 n.\u00a06 &#8211; 9-v.<\/span><span data-ccp-props=\"{&quot;201341983&quot;:0,&quot;335559739&quot;:160,&quot;335559740&quot;:240}\">\u00a0<\/span><\/p><p><span data-contrast=\"none\">Ohjelmisto koostuu mm. lastenlauluista, eri maiden kansanlauluista sek\u00e4 lasten omista toiveista, jotka otetaan huomioon ja toteutetaan mahdollisuuksien mukaan.<\/span><span data-ccp-props=\"{&quot;201341983&quot;:0,&quot;335559739&quot;:160,&quot;335559740&quot;:240}\">\u00a0<\/span><\/p><p><span data-contrast=\"none\">Kuoronjohtajana toimii musiikkipedagogi Ulla Piispanen.<\/span><span data-ccp-props=\"{&quot;201341983&quot;:0,&quot;335559739&quot;:160,&quot;335559740&quot;:240}\">\u00a0<\/span><\/p>\t\t\t\t\t\t\t\t<\/div>\n\t\t\t\t<\/div>\n\t\t\t\t\t<\/div>\n\t\t<\/div>\n\t\t\t\t\t<\/div>\n\t\t<\/section>\n\t\t\t\t<\/div>\n\t\t","protected":false},"excerpt":{"rendered":"<p>Kuoro SONETTI-kuoro\u00a0on tarkoitettu kaikille lauluhaluisille tyt\u00f6ille ja pojille 6-vuotiaista alkaen. Laulamisen ja \u00e4\u00e4nileikkien lis\u00e4ksi kuorossa harjoitellaan ilmaisua ja musiikkiin el\u00e4ytymist\u00e4 monipuolisilla ty\u00f6tavoilla mm. liikkeen ja rytmiikan keinoin.\u00a0 Kuoron tavoitteita:\u00a0 Kaveri- ja ryhm\u00e4taitojen kehitt\u00e4minen\u00a0 Musiikillisen itseilmaisun tukeminen:\u00a0 &#8211; monipuoliseen \u00e4\u00e4nenk\u00e4ytt\u00f6\u00f6n rohkaiseminen ja laulu-ilmaisun tukeminen\u00a0 &#8211; kehotietoisuuden kasvattaminen ja kehollisen itseilmaisun vahvistaminen\u00a0 Kuoro harjoittelee torstaisin Iiris-keskuksen tiloissa [&hellip;]<\/p>\n","protected":false},"author":156753792,"featured_media":0,"parent":1943,"menu_order":0,"comment_status":"closed","ping_status":"closed","template":"","meta":{"footnotes":""},"_links":{"self":[{"href":"https:\/\/test.ihmo.fi\/index.php?rest_route=\/wp\/v2\/pages\/1946"}],"collection":[{"href":"https:\/\/test.ihmo.fi\/index.php?rest_route=\/wp\/v2\/pages"}],"about":[{"href":"https:\/\/test.ihmo.fi\/index.php?rest_route=\/wp\/v2\/types\/page"}],"author":[{"embeddable":true,"href":"https:\/\/test.ihmo.fi\/index.php?rest_route=\/wp\/v2\/users\/156753792"}],"replies":[{"embeddable":true,"href":"https:\/\/test.ihmo.fi\/index.php?rest_route=%2Fwp%2Fv2%2Fcomments&post=1946"}],"version-history":[{"count":13,"href":"https:\/\/test.ihmo.fi\/index.php?rest_route=\/wp\/v2\/pages\/1946\/revisions"}],"predecessor-version":[{"id":4273,"href":"https:\/\/test.ihmo.fi\/index.php?rest_route=\/wp\/v2\/pages\/1946\/revisions\/4273"}],"up":[{"embeddable":true,"href":"https:\/\/test.ihmo.fi\/index.php?rest_route=\/wp\/v2\/pages\/1943"}],"wp:attachment":[{"href":"https:\/\/test.ihmo.fi\/index.php?rest_route=%2Fwp%2Fv2%2Fmedia&parent=1946"}],"curies":[{"name":"wp","href":"https:\/\/api.w.org\/{rel}","templated":true}]}}